{"id":15916,"date":"2022-03-01T20:30:27","date_gmt":"2022-03-01T20:30:27","guid":{"rendered":"https:\/\/navegantesoceanicos.com\/?post_type=product&#038;p=15916"},"modified":"2022-05-11T17:43:38","modified_gmt":"2022-05-11T17:43:38","slug":"el-cocinero-del-27","status":"publish","type":"product","link":"https:\/\/navegantesoceanicos.com\/pt-pt\/producto\/el-cocinero-del-27\/","title":{"rendered":"El cocinero del 27"},"content":{"rendered":"<p style=\"text-align: center;\"><strong>NOVELA \u201cEl cocinero del 27\u201d de Santiago Iglesias de Pa\u00fal.<\/strong><\/p>\n<p style=\"text-align: center;\">Enero de 2020, Madrid. Malos tiempos se han de vivir en la capital y en el mundo entero. El covid llama a la puerta.<\/p>\n<p style=\"text-align: center;\">En la novela hay espacio para el recuerdo a todas las v\u00edctimas y tambi\u00e9n cierta dosis de cr\u00edtica. Porque todos lo hemos vivido y sufrido y porque todos sabemos de qu\u00e9 estamos hablando. Sin embargo, pese a la dureza de la \u00e9poca en que se desarrolla, el lector encontrar\u00e1 en los di\u00e1logos de esta novela bastantes detalles y chispas de humor, algo tan necesario en la literatura.<\/p>\n<p style=\"text-align: center;\">Ser\u00e1n un cocinero, el due\u00f1o del restaurante, dos camareros, alg\u00fan m\u00fasico y otras buenas gentes los protagonistas de esta historia que de una manera sencilla descubren al lector sus vivencias por ese Madrid en los tiempos de la pandemia.<\/p>\n<p style=\"text-align: center;\">Amores, humor y tragedia est\u00e1n servidos a partes iguales.<\/p>\n","protected":false},"excerpt":{"rendered":"<p style=\"text-align: center;\"><span style=\"color: #000080;\"><strong>SINOPSIS NOVELA \u201cEl cocinero del 27\u201d de Santiago Iglesias de Pa\u00fal.<\/strong><\/span><\/p>\n<p style=\"text-align: center;\">Enero de 2020, Madrid. Malos tiempos se han de vivir en la capital y en el mundo entero. El covid llama a la puerta.<\/p>\n<p style=\"text-align: center;\">En la novela hay espacio para el recuerdo a todas las v\u00edctimas y tambi\u00e9n cierta dosis de cr\u00edtica. Porque todos lo hemos vivido y sufrido y porque todos sabemos de qu\u00e9 estamos hablando. Sin embargo, pese a la dureza de la \u00e9poca en que se desarrolla, el lector encontrar\u00e1 en los di\u00e1logos de esta novela bastantes detalles y chispas de humor, algo tan necesario en la literatura.<\/p>\n<p style=\"text-align: center;\">Ser\u00e1n un cocinero, el due\u00f1o del restaurante, dos camareros, alg\u00fan m\u00fasico y otras buenas gentes los protagonistas de esta historia que de una manera sencilla descubren al lector sus vivencias por ese Madrid en los tiempos de la pandemia.<\/p>\n<p style=\"text-align: center;\">Amores, humor y tragedia est\u00e1n servidos a partes iguales.<\/p>\n","protected":false},"featured_media":15918,"comment_status":"open","ping_status":"closed","template":"","meta":{"_et_pb_use_builder":"","_et_pb_old_content":"","_et_gb_content_width":""},"product_brand":[],"product_cat":[84],"product_tag":[],"class_list":{"0":"post-15916","1":"product","2":"type-product","3":"status-publish","4":"has-post-thumbnail","6":"product_cat-novela","8":"first","9":"instock","10":"taxable","11":"shipping-taxable","12":"product-type-external"},"yoast_head":"<!-- This site is optimized with the Yoast SEO plugin v27.5 - https:\/\/yoast.com\/product\/yoast-seo-wordpress\/ -->\n<title>El cocinero del 27 - Navegantes Oce\u00e1nicos<\/title>\n<meta name=\"description\" content=\"NOVELA \u201cEl cocinero del 27\u201d de Santiago Iglesias de Pa\u00fal. Enero de 2020, Madrid. Malos tiempos se han de vivir y el COVID a a la puerta.\" \/>\n<meta name=\"robots\" content=\"index, follow, max-snippet:-1, max-image-preview:large, max-video-preview:-1\" \/>\n<link rel=\"canonical\" href=\"https:\/\/navegantesoceanicos.com\/pt-pt\/producto\/el-cocinero-del-27\/\" \/>\n<meta property=\"og:locale\" content=\"pt_PT\" \/>\n<meta property=\"og:type\" content=\"article\" \/>\n<meta property=\"og:title\" content=\"El cocinero del 27 - Navegantes Oce\u00e1nicos\" \/>\n<meta property=\"og:description\" content=\"NOVELA \u201cEl cocinero del 27\u201d de Santiago Iglesias de Pa\u00fal. Enero de 2020, Madrid. Malos tiempos se han de vivir y el COVID a a la puerta.\" \/>\n<meta property=\"og:url\" content=\"https:\/\/navegantesoceanicos.com\/pt-pt\/producto\/el-cocinero-del-27\/\" \/>\n<meta property=\"og:site_name\" content=\"Navegantes Oce\u00e1nicos\" \/>\n<meta property=\"article:publisher\" content=\"https:\/\/www.facebook.com\/Navegantes-Oce%c3%a1nicos-112578593494698\" \/>\n<meta property=\"article:modified_time\" content=\"2022-05-11T17:43:38+00:00\" \/>\n<meta property=\"og:image\" content=\"https:\/\/navegantesoceanicos.com\/wp-content\/uploads\/2022\/04\/El-cocinero-del-27.jpeg\" \/>\n\t<meta property=\"og:image:width\" content=\"1145\" \/>\n\t<meta property=\"og:image:height\" content=\"1831\" \/>\n\t<meta property=\"og:image:type\" content=\"image\/jpeg\" \/>\n<meta name=\"twitter:label1\" content=\"Tempo estimado de leitura\" \/>\n\t<meta name=\"twitter:data1\" content=\"1 minuto\" \/>\n<script type=\"application\/ld+json\" class=\"yoast-schema-graph\">{\"@context\":\"https:\\\/\\\/schema.org\",\"@graph\":[{\"@type\":\"WebPage\",\"@id\":\"https:\\\/\\\/navegantesoceanicos.com\\\/pt-pt\\\/producto\\\/el-cocinero-del-27\\\/\",\"url\":\"https:\\\/\\\/navegantesoceanicos.com\\\/pt-pt\\\/producto\\\/el-cocinero-del-27\\\/\",\"name\":\"El cocinero del 27 - Navegantes Oce\u00e1nicos\",\"isPartOf\":{\"@id\":\"https:\\\/\\\/navegantesoceanicos.com\\\/pt-pt\\\/#website\"},\"primaryImageOfPage\":{\"@id\":\"https:\\\/\\\/navegantesoceanicos.com\\\/pt-pt\\\/producto\\\/el-cocinero-del-27\\\/#primaryimage\"},\"image\":{\"@id\":\"https:\\\/\\\/navegantesoceanicos.com\\\/pt-pt\\\/producto\\\/el-cocinero-del-27\\\/#primaryimage\"},\"thumbnailUrl\":\"https:\\\/\\\/navegantesoceanicos.com\\\/wp-content\\\/uploads\\\/2022\\\/04\\\/El-cocinero-del-27.jpeg\",\"datePublished\":\"2022-03-01T20:30:27+00:00\",\"dateModified\":\"2022-05-11T17:43:38+00:00\",\"description\":\"NOVELA \u201cEl cocinero del 27\u201d de Santiago Iglesias de Pa\u00fal. Enero de 2020, Madrid. Malos tiempos se han de vivir y el COVID a a la puerta.\",\"breadcrumb\":{\"@id\":\"https:\\\/\\\/navegantesoceanicos.com\\\/pt-pt\\\/producto\\\/el-cocinero-del-27\\\/#breadcrumb\"},\"inLanguage\":\"pt-PT\",\"potentialAction\":[{\"@type\":\"ReadAction\",\"target\":[\"https:\\\/\\\/navegantesoceanicos.com\\\/pt-pt\\\/producto\\\/el-cocinero-del-27\\\/\"]}]},{\"@type\":\"ImageObject\",\"inLanguage\":\"pt-PT\",\"@id\":\"https:\\\/\\\/navegantesoceanicos.com\\\/pt-pt\\\/producto\\\/el-cocinero-del-27\\\/#primaryimage\",\"url\":\"https:\\\/\\\/navegantesoceanicos.com\\\/wp-content\\\/uploads\\\/2022\\\/04\\\/El-cocinero-del-27.jpeg\",\"contentUrl\":\"https:\\\/\\\/navegantesoceanicos.com\\\/wp-content\\\/uploads\\\/2022\\\/04\\\/El-cocinero-del-27.jpeg\",\"width\":1145,\"height\":1831,\"caption\":\"El cocinero del 27\"},{\"@type\":\"BreadcrumbList\",\"@id\":\"https:\\\/\\\/navegantesoceanicos.com\\\/pt-pt\\\/producto\\\/el-cocinero-del-27\\\/#breadcrumb\",\"itemListElement\":[{\"@type\":\"ListItem\",\"position\":1,\"name\":\"Portada\",\"item\":\"https:\\\/\\\/navegantesoceanicos.com\\\/pt-pt\\\/\"},{\"@type\":\"ListItem\",\"position\":2,\"name\":\"Tienda\",\"item\":\"https:\\\/\\\/navegantesoceanicos.com\\\/tienda22\\\/\"},{\"@type\":\"ListItem\",\"position\":3,\"name\":\"El cocinero del 27\"}]},{\"@type\":\"WebSite\",\"@id\":\"https:\\\/\\\/navegantesoceanicos.com\\\/pt-pt\\\/#website\",\"url\":\"https:\\\/\\\/navegantesoceanicos.com\\\/pt-pt\\\/\",\"name\":\"Navegantes Oce\u00e1nicos\",\"description\":\"Navegantes oce\u00e1nicos, te ayudamos a navegar, para navegantes, tripulantes, regatistas y armadores, escuela n\u00e1utica, libros on-line sobre t\u00e1cticas y equipamiento para la navegaci\u00f3n a vela, fondear, atracar, el manejo de las velas, electricidad a bordo, navegaci\u00f3n con mal tiempo, rutas oce\u00e1nicas y mucho m\u00e1s\",\"publisher\":{\"@id\":\"https:\\\/\\\/navegantesoceanicos.com\\\/pt-pt\\\/#organization\"},\"potentialAction\":[{\"@type\":\"SearchAction\",\"target\":{\"@type\":\"EntryPoint\",\"urlTemplate\":\"https:\\\/\\\/navegantesoceanicos.com\\\/pt-pt\\\/?s={search_term_string}\"},\"query-input\":{\"@type\":\"PropertyValueSpecification\",\"valueRequired\":true,\"valueName\":\"search_term_string\"}}],\"inLanguage\":\"pt-PT\"},{\"@type\":\"Organization\",\"@id\":\"https:\\\/\\\/navegantesoceanicos.com\\\/pt-pt\\\/#organization\",\"name\":\"Navegantes Oce\u00e1nicos\",\"url\":\"https:\\\/\\\/navegantesoceanicos.com\\\/pt-pt\\\/\",\"logo\":{\"@type\":\"ImageObject\",\"inLanguage\":\"pt-PT\",\"@id\":\"https:\\\/\\\/navegantesoceanicos.com\\\/pt-pt\\\/#\\\/schema\\\/logo\\\/image\\\/\",\"url\":\"https:\\\/\\\/navegantesoceanicos.com\\\/wp-content\\\/uploads\\\/2019\\\/12\\\/LOGO-NAVEGANTES-OCEANICOS.png\",\"contentUrl\":\"https:\\\/\\\/navegantesoceanicos.com\\\/wp-content\\\/uploads\\\/2019\\\/12\\\/LOGO-NAVEGANTES-OCEANICOS.png\",\"width\":1010,\"height\":814,\"caption\":\"Navegantes Oce\u00e1nicos\"},\"image\":{\"@id\":\"https:\\\/\\\/navegantesoceanicos.com\\\/pt-pt\\\/#\\\/schema\\\/logo\\\/image\\\/\"},\"sameAs\":[\"https:\\\/\\\/www.facebook.com\\\/Navegantes-Oce\u00e1nicos-112578593494698\",\"https:\\\/\\\/www.instagram.com\\\/navegantes_oceanicos\\\/?hl=es\",\"https:\\\/\\\/www.youtube.com\\\/channel\\\/UCXgDL_6xqE7rpdwNXRmzF_Q\\\/featured\"]}]}<\/script>\n<!-- \/ Yoast SEO plugin. -->","yoast_head_json":{"title":"El cocinero del 27 - Navegantes Oce\u00e1nicos","description":"NOVELA \u201cEl cocinero del 27\u201d de Santiago Iglesias de Pa\u00fal. Enero de 2020, Madrid. Malos tiempos se han de vivir y el COVID a a la puerta.","robots":{"index":"index","follow":"follow","max-snippet":"max-snippet:-1","max-image-preview":"max-image-preview:large","max-video-preview":"max-video-preview:-1"},"canonical":"https:\/\/navegantesoceanicos.com\/pt-pt\/producto\/el-cocinero-del-27\/","og_locale":"pt_PT","og_type":"article","og_title":"El cocinero del 27 - Navegantes Oce\u00e1nicos","og_description":"NOVELA \u201cEl cocinero del 27\u201d de Santiago Iglesias de Pa\u00fal. Enero de 2020, Madrid. Malos tiempos se han de vivir y el COVID a a la puerta.","og_url":"https:\/\/navegantesoceanicos.com\/pt-pt\/producto\/el-cocinero-del-27\/","og_site_name":"Navegantes Oce\u00e1nicos","article_publisher":"https:\/\/www.facebook.com\/Navegantes-Oce%c3%a1nicos-112578593494698","article_modified_time":"2022-05-11T17:43:38+00:00","og_image":[{"width":1145,"height":1831,"url":"https:\/\/navegantesoceanicos.com\/wp-content\/uploads\/2022\/04\/El-cocinero-del-27.jpeg","type":"image\/jpeg"}],"twitter_misc":{"Tempo estimado de leitura":"1 minuto"},"schema":{"@context":"https:\/\/schema.org","@graph":[{"@type":"WebPage","@id":"https:\/\/navegantesoceanicos.com\/pt-pt\/producto\/el-cocinero-del-27\/","url":"https:\/\/navegantesoceanicos.com\/pt-pt\/producto\/el-cocinero-del-27\/","name":"El cocinero del 27 - Navegantes Oce\u00e1nicos","isPartOf":{"@id":"https:\/\/navegantesoceanicos.com\/pt-pt\/#website"},"primaryImageOfPage":{"@id":"https:\/\/navegantesoceanicos.com\/pt-pt\/producto\/el-cocinero-del-27\/#primaryimage"},"image":{"@id":"https:\/\/navegantesoceanicos.com\/pt-pt\/producto\/el-cocinero-del-27\/#primaryimage"},"thumbnailUrl":"https:\/\/navegantesoceanicos.com\/wp-content\/uploads\/2022\/04\/El-cocinero-del-27.jpeg","datePublished":"2022-03-01T20:30:27+00:00","dateModified":"2022-05-11T17:43:38+00:00","description":"NOVELA \u201cEl cocinero del 27\u201d de Santiago Iglesias de Pa\u00fal. Enero de 2020, Madrid. Malos tiempos se han de vivir y el COVID a a la puerta.","breadcrumb":{"@id":"https:\/\/navegantesoceanicos.com\/pt-pt\/producto\/el-cocinero-del-27\/#breadcrumb"},"inLanguage":"pt-PT","potentialAction":[{"@type":"ReadAction","target":["https:\/\/navegantesoceanicos.com\/pt-pt\/producto\/el-cocinero-del-27\/"]}]},{"@type":"ImageObject","inLanguage":"pt-PT","@id":"https:\/\/navegantesoceanicos.com\/pt-pt\/producto\/el-cocinero-del-27\/#primaryimage","url":"https:\/\/navegantesoceanicos.com\/wp-content\/uploads\/2022\/04\/El-cocinero-del-27.jpeg","contentUrl":"https:\/\/navegantesoceanicos.com\/wp-content\/uploads\/2022\/04\/El-cocinero-del-27.jpeg","width":1145,"height":1831,"caption":"El cocinero del 27"},{"@type":"BreadcrumbList","@id":"https:\/\/navegantesoceanicos.com\/pt-pt\/producto\/el-cocinero-del-27\/#breadcrumb","itemListElement":[{"@type":"ListItem","position":1,"name":"Portada","item":"https:\/\/navegantesoceanicos.com\/pt-pt\/"},{"@type":"ListItem","position":2,"name":"Tienda","item":"https:\/\/navegantesoceanicos.com\/tienda22\/"},{"@type":"ListItem","position":3,"name":"El cocinero del 27"}]},{"@type":"WebSite","@id":"https:\/\/navegantesoceanicos.com\/pt-pt\/#website","url":"https:\/\/navegantesoceanicos.com\/pt-pt\/","name":"Navegantes Oce\u00e1nicos","description":"Navegantes oce\u00e1nicos, te ayudamos a navegar, para navegantes, tripulantes, regatistas y armadores, escuela n\u00e1utica, libros on-line sobre t\u00e1cticas y equipamiento para la navegaci\u00f3n a vela, fondear, atracar, el manejo de las velas, electricidad a bordo, navegaci\u00f3n con mal tiempo, rutas oce\u00e1nicas y mucho m\u00e1s","publisher":{"@id":"https:\/\/navegantesoceanicos.com\/pt-pt\/#organization"},"potentialAction":[{"@type":"SearchAction","target":{"@type":"EntryPoint","urlTemplate":"https:\/\/navegantesoceanicos.com\/pt-pt\/?s={search_term_string}"},"query-input":{"@type":"PropertyValueSpecification","valueRequired":true,"valueName":"search_term_string"}}],"inLanguage":"pt-PT"},{"@type":"Organization","@id":"https:\/\/navegantesoceanicos.com\/pt-pt\/#organization","name":"Navegantes Oce\u00e1nicos","url":"https:\/\/navegantesoceanicos.com\/pt-pt\/","logo":{"@type":"ImageObject","inLanguage":"pt-PT","@id":"https:\/\/navegantesoceanicos.com\/pt-pt\/#\/schema\/logo\/image\/","url":"https:\/\/navegantesoceanicos.com\/wp-content\/uploads\/2019\/12\/LOGO-NAVEGANTES-OCEANICOS.png","contentUrl":"https:\/\/navegantesoceanicos.com\/wp-content\/uploads\/2019\/12\/LOGO-NAVEGANTES-OCEANICOS.png","width":1010,"height":814,"caption":"Navegantes Oce\u00e1nicos"},"image":{"@id":"https:\/\/navegantesoceanicos.com\/pt-pt\/#\/schema\/logo\/image\/"},"sameAs":["https:\/\/www.facebook.com\/Navegantes-Oce\u00e1nicos-112578593494698","https:\/\/www.instagram.com\/navegantes_oceanicos\/?hl=es","https:\/\/www.youtube.com\/channel\/UCXgDL_6xqE7rpdwNXRmzF_Q\/featured"]}]}},"_links":{"self":[{"href":"https:\/\/navegantesoceanicos.com\/pt-pt\/wp-json\/wp\/v2\/product\/15916","targetHints":{"allow":["GET"]}}],"collection":[{"href":"https:\/\/navegantesoceanicos.com\/pt-pt\/wp-json\/wp\/v2\/product"}],"about":[{"href":"https:\/\/navegantesoceanicos.com\/pt-pt\/wp-json\/wp\/v2\/types\/product"}],"replies":[{"embeddable":true,"href":"https:\/\/navegantesoceanicos.com\/pt-pt\/wp-json\/wp\/v2\/comments?post=15916"}],"wp:featuredmedia":[{"embeddable":true,"href":"https:\/\/navegantesoceanicos.com\/pt-pt\/wp-json\/wp\/v2\/media\/15918"}],"wp:attachment":[{"href":"https:\/\/navegantesoceanicos.com\/pt-pt\/wp-json\/wp\/v2\/media?parent=15916"}],"wp:term":[{"taxonomy":"product_brand","embeddable":true,"href":"https:\/\/navegantesoceanicos.com\/pt-pt\/wp-json\/wp\/v2\/product_brand?post=15916"},{"taxonomy":"product_cat","embeddable":true,"href":"https:\/\/navegantesoceanicos.com\/pt-pt\/wp-json\/wp\/v2\/product_cat?post=15916"},{"taxonomy":"product_tag","embeddable":true,"href":"https:\/\/navegantesoceanicos.com\/pt-pt\/wp-json\/wp\/v2\/product_tag?post=15916"}],"curies":[{"name":"wp","href":"https:\/\/api.w.org\/{rel}","templated":true}]}}